{"id":8508,"date":"2024-10-24T01:40:20","date_gmt":"2024-10-23T23:40:20","guid":{"rendered":"http:\/\/billigtrikots.com\/?post_type=product&#038;p=8508"},"modified":"2024-10-24T01:42:32","modified_gmt":"2024-10-23T23:42:32","slug":"fussballtrikot-fuer-herren-belgien-wm-2022-auswaertstrikot-online-kaufen","status":"publish","type":"product","link":"https:\/\/www.billigtrikotde.com\/da\/vare\/fussballtrikot-fuer-herren-belgien-wm-2022-auswaertstrikot-online-kaufen\/","title":{"rendered":"Fodboldtr\u00f8je til Herre Belgien VM 2022 Udebanetr\u00f8je K\u00f8b Online"},"content":{"rendered":"<p>Dette er den nye Adidas Belgien VM-udetr\u00f8je for 2022. Adidas Belgium 2022-udetr\u00f8jen er overvejende hvid med farverige dekorationer ved kraven, \u00e6rmerne, kanten og underarmene. Tr\u00f8jen er inspireret af Adidas x Belgian FA x Tomorrowland \u201eLOVE\u201c-kollektionen og har samme \u00e6stetik. De lyse farver findes ogs\u00e5 p\u00e5 Adidas-logoet og det belgiske FA-emblem. De tre striber p\u00e5 skuldrene af Adidas Belgium 2022 VM-udetr\u00f8je er lysegr\u00e5, og ordet \u201eLOVE\u201c er trykt i flerfarvet tekst p\u00e5 bagsiden. De prim\u00e6re bukser til Belgien 2022 VM-udetr\u00f8je er hvide, men der findes ogs\u00e5 m\u00f8rkebl\u00e5 bukser.<\/p>\n<p>Tips til udskrivning: Hvis navn og nummer p\u00e5 billedet er pr\u00e6cis det, du \u00f8nsker, beh\u00f8ver du ikke at indtaste dem igen. Hvis ikke, skal du indtaste det \u00f8nskede navn og nummer.<\/p>\n<p>Tips til vask: Det anbefales at vaske fodboldtr\u00f8jer i h\u00e5nden. Hvis du vil bruge vaskemaskinen, skal du huske at vende vrangen ud p\u00e5 fodboldtr\u00f8jerne og derefter vaske dem. Fyld maskinen med koldt vand, og brug et sk\u00e5neprogram for bedre at beskytte farverne.<\/p>","protected":false},"excerpt":{"rendered":"<p>Dies ist das neue Adidas Belgien WM-Ausw\u00e4rtstrikot f\u00fcr 2022.Das Adidas Belgium 2022 Ausw\u00e4rtstrikot ist \u00fcberwiegend wei\u00df mit bunten Verzierungen an Kragen, \u00c4rmeln, Saum und Unterarmen. Das Trikot ist von der Adidas x Belgian FA x Tomorrowland &#8222;LOVE&#8220;-Kollektion inspiriert und hat die gleiche \u00c4sthetik.Die leuchtenden Farben finden sich auch auf dem Adidas-Logo und dem belgischen FA-Abzeichen [&hellip;]<\/p>","protected":false},"featured_media":8547,"comment_status":"open","ping_status":"closed","template":"","meta":[],"product_brand":[],"product_cat":[173],"product_tag":[383,120,384,20,21,22,23,24],"class_list":{"0":"post-8508","1":"product","2":"type-product","3":"status-publish","4":"has-post-thumbnail","6":"product_cat-belgien-trikots","7":"product_tag-belgien-auswaertstrikot","8":"product_tag-belgien-trikots","9":"product_tag-belgien-wm-2022-auswaertstrikot","10":"product_tag-coole-fussballtrikots","11":"product_tag-fussballtrikot-fuer-herren","12":"product_tag-fussballtrikot-guenstig-kaufen","13":"product_tag-fussballtrikot-kurzarm","14":"product_tag-guenstiges-fussballtrikot","16":"first","17":"instock","18":"shipping-taxable","19":"purchasable","20":"product-type-variable"},"_links":{"self":[{"href":"https:\/\/www.billigtrikotde.com\/da\/wp-json\/wp\/v2\/product\/8508","targetHints":{"allow":["GET"]}}],"collection":[{"href":"https:\/\/www.billigtrikotde.com\/da\/wp-json\/wp\/v2\/product"}],"about":[{"href":"https:\/\/www.billigtrikotde.com\/da\/wp-json\/wp\/v2\/types\/product"}],"replies":[{"embeddable":true,"href":"https:\/\/www.billigtrikotde.com\/da\/wp-json\/wp\/v2\/comments?post=8508"}],"wp:featuredmedia":[{"embeddable":true,"href":"https:\/\/www.billigtrikotde.com\/da\/wp-json\/wp\/v2\/media\/8547"}],"wp:attachment":[{"href":"https:\/\/www.billigtrikotde.com\/da\/wp-json\/wp\/v2\/media?parent=8508"}],"wp:term":[{"taxonomy":"product_brand","embeddable":true,"href":"https:\/\/www.billigtrikotde.com\/da\/wp-json\/wp\/v2\/product_brand?post=8508"},{"taxonomy":"product_cat","embeddable":true,"href":"https:\/\/www.billigtrikotde.com\/da\/wp-json\/wp\/v2\/product_cat?post=8508"},{"taxonomy":"product_tag","embeddable":true,"href":"https:\/\/www.billigtrikotde.com\/da\/wp-json\/wp\/v2\/product_tag?post=8508"}],"curies":[{"name":"wp","href":"https:\/\/api.w.org\/{rel}","templated":true}]}}